{"id":646,"date":"2021-06-23T18:54:20","date_gmt":"2021-06-23T15:54:20","guid":{"rendered":"https:\/\/enderorman.com\/home\/?page_id=646"},"modified":"2021-06-23T18:54:21","modified_gmt":"2021-06-23T15:54:21","slug":"646-2","status":"publish","type":"page","link":"https:\/\/enderorman.com\/home\/646-2\/","title":{"rendered":""},"content":{"rendered":"\n<section class=\"wp-block-themeisle-blocks-advanced-columns alignfull has-1-columns has-desktop-equal-layout has-tablet-equal-layout has-mobile-equal-layout has-nogap-gap has-vertical-unset has-vertical-undefined\" id=\"wp-block-themeisle-blocks-advanced-columns-923f722e\"><div class=\"wp-block-themeisle-blocks-advanced-columns-overlay\"><\/div><div class=\"innerblocks-wrap\">\n<div class=\"wp-block-themeisle-blocks-advanced-column\" id=\"wp-block-themeisle-blocks-advanced-column-2e4dcd0f\">\n<div class=\"wp-block-buttons is-content-justification-center\"><\/div>\n<\/div>\n<\/div><\/section>\n\n\n\n<p><\/p>\n\n\n\n<p><\/p>\n\n\n\n<h1><span class=\"has-inline-color has-neve-link-hover-color-color\">Mdf 2-6 mm<\/span><\/h1>\n\n\n\n<p class=\"has-medium-font-size\"><strong>Orta Yo\u011funlukta \u0130nce MDF<\/strong><\/p>\n\n\n\n<p class=\"has-medium-font-size\">MDF 2-6 mm (Orta Yo\u011funlukta \u0130nce MDF), kaliteli a\u011fa\u00e7 liflerinin, Kontinu Pres Teknolojisi ile birle\u015fmesi sonucunda elde edilir. <\/p>\n\n\n\n<p class=\"has-medium-font-size\">M\u00fckemmel kaliteye sahiptir. Temiz, p\u00fcr\u00fczs\u00fcz, stabil y\u00fczey kalitesine ve stabil yo\u011funlu\u011fa sahiptir. Kaliteli oldu\u011fundan kap\u0131 ve mobilya<\/p>\n\n\n\n<p class=\"has-medium-font-size\"> \u00fcreticilerinin dostudur.<\/p>\n\n\n\n<p class=\"has-nv-site-bg-color has-neve-link-color-background-color has-text-color has-background has-normal-font-size\"><strong>\u00d6L\u00c7\u00dc VE \u00d6ZELL\u0130KLER<\/strong><\/p>\n\n\n\n<div class=\"wp-block-themeisle-blocks-advanced-columns has-1-columns has-desktop-equal-layout has-tablet-equal-layout has-mobile-equal-layout has-default-gap has-vertical-center\" id=\"wp-block-themeisle-blocks-advanced-columns-d17ec3c7\"><div class=\"wp-block-themeisle-blocks-advanced-columns-overlay\"><\/div><div class=\"innerblocks-wrap\">\n<div class=\"wp-block-themeisle-blocks-advanced-column\" id=\"wp-block-themeisle-blocks-advanced-column-f5bda66a\">\n<div class=\"wp-block-columns are-vertically-aligned-center\">\n<div class=\"wp-block-column is-vertically-aligned-center\" style=\"flex-basis:100%\">\n<div class=\"pane\" style=\"display: block;\">\n        <div class=\"four columns\">\n\t\t\t\t<div class=\"imgAuto\"><img style=\"margin-left:30%\" src=\"http:\/\/teverpan.com.tr\/i\/assets\/images\/content\/bosince.jpg\"><\/div>\n\t\t\t<\/div>\n\t\t\t<div class=\"eight columns omega alpha\">\n\t\t\t\t<div class=\"table blockAuto blockAuto-1 tableTwo\">\n\t\t\t\t\t<table>\n\t\t\t\t\t\t<tbody>\n\t\t\t\t\t\t\t<\/tbody><thead>\n\t\t\t\t\t\t\t<tr style=\"background: #aaaa\">\n\t\t\t\t\t\t\t\t<th>Kal\u0131nl\u0131k (mm)<\/th>\n\t\t\t\t\t\t\t\t<th>Geni\u015flik (mm)<\/th>\n\t\t\t\t\t\t\t\t<th>Uzunluk (mm)<\/th>\n\t\t\t\t\t\t\t<\/tr>\n\t\t\t\t\t\t\t<\/thead>\n\t\t\t\t\t\t\t<tbody><tr style=\"background: rgb(255, 255, 255);\">\n\t\t\t\t\t\t\t\t<td style=\"background: none;\">2, 2.4, 2.7, 3, 4, 5, 6<\/td>\n\t\t\t\t\t\t\t\t<td style=\"background: none;\">&nbsp;2120, 2100, 1830<\/td>\n\t\t\t\t\t\t\t\t<td style=\"background: none;\">1700, 2200, 2440, 2800<\/td>\n\t\t\t\t\t\t\t<\/tr>\n\t\t\t\t\t\t<\/tbody>\n\t\t\t\t\t<\/table>\n\t\t\t\t<\/div>\n\t\t\t<\/div>\n\t\t<\/div>\n<\/div>\n<\/div>\n<\/div>\n<\/div><\/div>\n","protected":false},"excerpt":{"rendered":"<p>Mdf 2-6 mm Orta Yo\u011funlukta \u0130nce MDF MDF 2-6 mm (Orta Yo\u011funlukta \u0130nce MDF), kaliteli a\u011fa\u00e7 liflerinin, Kontinu Pres Teknolojisi ile birle\u015fmesi sonucunda elde edilir. M\u00fckemmel kaliteye sahiptir. Temiz, p\u00fcr\u00fczs\u00fcz, stabil y\u00fczey kalitesine ve stabil yo\u011funlu\u011fa sahiptir. Kaliteli oldu\u011fundan kap\u0131 ve mobilya \u00fcreticilerinin dostudur. \u00d6L\u00c7\u00dc VE \u00d6ZELL\u0130KLER<\/p>\n","protected":false},"author":1,"featured_media":0,"parent":0,"menu_order":0,"comment_status":"closed","ping_status":"closed","template":"","meta":{"neve_meta_sidebar":"full-width","neve_meta_container":"","neve_meta_enable_content_width":"on","neve_meta_content_width":100,"neve_meta_title_alignment":"","neve_meta_author_avatar":"","neve_post_elements_order":"","neve_meta_disable_header":"","neve_meta_disable_footer":"","neve_meta_disable_title":"","_ti_tpc_template_sync":false,"_ti_tpc_template_id":""},"_links":{"self":[{"href":"https:\/\/enderorman.com\/home\/wp-json\/wp\/v2\/pages\/646"}],"collection":[{"href":"https:\/\/enderorman.com\/home\/wp-json\/wp\/v2\/pages"}],"about":[{"href":"https:\/\/enderorman.com\/home\/wp-json\/wp\/v2\/types\/page"}],"author":[{"embeddable":true,"href":"https:\/\/enderorman.com\/home\/wp-json\/wp\/v2\/users\/1"}],"replies":[{"embeddable":true,"href":"https:\/\/enderorman.com\/home\/wp-json\/wp\/v2\/comments?post=646"}],"version-history":[{"count":1,"href":"https:\/\/enderorman.com\/home\/wp-json\/wp\/v2\/pages\/646\/revisions"}],"predecessor-version":[{"id":651,"href":"https:\/\/enderorman.com\/home\/wp-json\/wp\/v2\/pages\/646\/revisions\/651"}],"wp:attachment":[{"href":"https:\/\/enderorman.com\/home\/wp-json\/wp\/v2\/media?parent=646"}],"curies":[{"name":"wp","href":"https:\/\/api.w.org\/{rel}","templated":true}]}}